{"id":296,"date":"2011-10-11T09:19:10","date_gmt":"2011-10-11T13:19:10","guid":{"rendered":"http:\/\/ciepo.org\/web\/?page_id=296"},"modified":"2019-11-05T09:10:11","modified_gmt":"2019-11-05T13:10:11","slug":"comunidad-educativa","status":"publish","type":"page","link":"https:\/\/ciepo.org\/web\/proyectos\/proyectos-en-ejecucion\/comunidad-educativa\/","title":{"rendered":"Comunidad Educativa"},"content":{"rendered":"<p><a href=\"http:\/\/ciepo.org\/web\/wp-content\/uploads\/2011\/10\/DSCN22921.jpg\"><\/a><a href=\"http:\/\/ciepo.org\/web\/wp-content\/uploads\/2011\/10\/DSCN0100.jpg\"><\/a><a href=\"http:\/\/ciepo.org\/web\/wp-content\/uploads\/2011\/10\/Picture-080.jpg\"><\/a><a href=\"http:\/\/ciepo.org\/web\/wp-content\/uploads\/2011\/10\/Picture-209.jpg\"><\/a><a href=\"http:\/\/ciepo.org\/web\/wp-content\/uploads\/2011\/10\/DSCN0996.jpg\"><\/a><a href=\"http:\/\/ciepo.org\/web\/wp-content\/uploads\/2011\/10\/DSCN0972.jpg\"><\/a><a href=\"http:\/\/ciepo.org\/web\/wp-content\/uploads\/2011\/10\/DSCN2229.jpg\"><\/a><a href=\"http:\/\/ciepo.org\/web\/wp-content\/uploads\/2011\/10\/DSCN2269.jpg\"><\/a><a href=\"http:\/\/ciepo.org\/web\/wp-content\/uploads\/2011\/10\/094.jpg\"><\/a><a href=\"http:\/\/ciepo.org\/web\/wp-content\/uploads\/2011\/10\/145.jpg\"><\/a><a href=\"http:\/\/ciepo.org\/web\/wp-content\/uploads\/2011\/10\/Picture-101.jpg\"><\/a><a href=\"http:\/\/ciepo.org\/web\/wp-content\/uploads\/2011\/10\/DSCN0774.jpg\"><\/a>El Centro de Investigaci\u00f3n y Educaci\u00f3n Popular (CIEPO), ejecuta el proyecto titulado: \u201c<em>Articulando&nbsp;esfuerzos a favor de la educaci\u00f3n para todos y todas: Fortalecimiento de&nbsp; la comunidad educativa e impulso de metodolog\u00edas educativas desde un enfoque de g\u00e9nero y de derechos humanos, en Rep\u00fablica Dominicana\u201d. <\/em><\/p>\n<p>Este proyecto es cofinanciado por la AECID y&nbsp; forma parte de un Convenio Regional Centroam\u00e9rica y Caribe impulsado por la ONGD Educaci\u00f3n Sin Fronteras.&nbsp; Las contrapartes en la Rep\u00fablica Dominicana son: CIEPO, Ce-Mujer, CEAJURI Y MUDHA.<\/p>\n<p>El proyecto tiene como finalidad mejorar el acceso y la&nbsp; calidad educativa en Rep\u00fablica Dominicana. Tiene tres componentes principales: Documentaci\u00f3n Civil, Fortalecimiento de las Comunidades Educativas, Articulaci\u00f3n e Incidencia a favor de las comunidades educativas, todos con un enfoque de g\u00e9nero y derechos humanos.<\/p>\n<p><strong>1. &nbsp;Proceso de Documentacion Civil en comunidades de&nbsp;tres municipios de la Provincia Independencia: La Descubierta, Postrer Rio y Jimani.<\/strong><\/p>\n<p>Antes de iniciar con la ejecuci\u00f3n del proyecto en el \u00e1rea de Documentaci\u00f3n Civil en el a\u00f1o 2008, en las comunidades pertenecientes a los municipios&nbsp; de&nbsp; Postrer R\u00edo y La Descubierta, se daba una situaci\u00f3n muy delicada y preocupante, debido a la carencia de documentos de identidad (acta de nacimiento), que afectaba en gran medida a ni\u00f1os, ni\u00f1as, adolescentes, y en menor medida a personas adultas.<\/p>\n<p>Esta situaci\u00f3n ten\u00eda una serie de problemas, que afectaban no solo la autoestima de las personas, sino que al mismo tiempo le limitaba en todos los aspectos de la vida social:<\/p>\n<div>\n<div>\n<p>a) Ausencia del v\u00ednculo legal con el Estado Dominicano;<\/p>\n<p>b) En el caso de los ni\u00f1os\/as, la imposibilidad de continuar sus estudios m\u00e1s all\u00e1 del sexto grado de la educaci\u00f3n b\u00e1sica;<\/p>\n<p>c) Necesidad de un nombre propio y apellidos.<\/p>\n<p>d) En el caso de los\/as adolescentes, el miedo permanente a ser expulsados de los Centros Educativos, por no disponer del Acta de Nacimiento;<\/p>\n<p>e) Exclusi\u00f3n de los procesos de educaci\u00f3n y formaci\u00f3n t\u00e9cnico profesional;<\/p>\n<p>f) En los adultos, exclusi\u00f3n del sistema de la seguridad social, del empleo y del cr\u00e9dito en la banca formal e informal;<\/p>\n<p>g) Los\/as padres y madres indocumentados no pueden declarar a sus hijos\/as.<\/p>\n<p>h) Falta de orientaci\u00f3n en las comunidades para agilizar por si mismos la gesti\u00f3n para realizar las declaraciones tard\u00edas.<\/p>\n<\/div>\n<\/div>\n<p>En el marco del proyecto, se ha logrado documentar un total de 241 ni\u00f1os\/as, adolescentes y adultos, un esfuerzo que ha sido coordinado con las juntas electorales, las oficial\u00edas civiles, las escuelas, los gobiernos locales, los tribunales de justicia y las parroquias.<\/p>\n<p>Esos logros fueron sistematizados y difundidos en el marco de un encuentro regional centroamericano, a los fines de que esto sirviera para replicar la experiencia en otras \u00e1reas de intervenci\u00f3n en el nivel nacional como internacional y redefinir acciones para la continuidad del proceso de los actores implicados.<\/p>\n<p>Para consultar el documento de sistematizaci\u00f3n completo o resumido, accesar a los siguientes v\u00ednculos:<\/p>\n<p><a href=\"http:\/\/ciepo.org\/web\/wp-content\/uploads\/2011\/10\/CIEPO-RESUMEN-EJECUTIVO-SISTEMATIZACION-PROCESO-DOCUMENTACION-CIVIL.pdf\">Ver Resumen Ejecutivo<\/a><\/p>\n<p style=\"text-align: justify;\"><a href=\"http:\/\/ciepo.org\/web\/wp-content\/uploads\/2011\/10\/CIEPO-Sistematizacion-Documentacion-Civil-Proyecto-Calidad-Educativa-Rep.-Dom..pdf\">Ver Documento Completo<\/a>&nbsp;<\/p>\n<table border=\"1\" cellspacing=\"0\" cellpadding=\"0\">\n<tbody>\n<tr>\n<td width=\"199\" valign=\"top\">&nbsp;<a href=\"http:\/\/ciepo.org\/web\/wp-content\/uploads\/2011\/10\/DSCN0972.jpg\"><img loading=\"lazy\" decoding=\"async\" title=\"DSCN0972\" src=\"http:\/\/ciepo.org\/web\/wp-content\/uploads\/2011\/10\/DSCN0972-300x215.jpg\" alt=\"\" width=\"300\" height=\"215\"\/><\/a><\/td>\n<td width=\"200\" valign=\"top\">&nbsp;<a href=\"http:\/\/ciepo.org\/web\/wp-content\/uploads\/2011\/10\/logociepo.jpg\"><img loading=\"lazy\" decoding=\"async\" class=\"alignright size-medium wp-image-366\" title=\"logociepo\" src=\"http:\/\/ciepo.org\/web\/wp-content\/uploads\/2011\/10\/logociepo-282x300.jpg\" alt=\"\" width=\"218\" height=\"219\"\/><\/a><\/td>\n<td width=\"200\" valign=\"top\">&nbsp;<a href=\"http:\/\/ciepo.org\/web\/wp-content\/uploads\/2011\/10\/DSCN0996.jpg\"><img loading=\"lazy\" decoding=\"async\" title=\"DSCN0996\" src=\"http:\/\/ciepo.org\/web\/wp-content\/uploads\/2011\/10\/DSCN0996-300x225.jpg\" alt=\"\" width=\"300\" height=\"225\"\/><\/a><\/td>\n<\/tr>\n<\/tbody>\n<\/table>\n<p><strong>2. Fortalecimiento de la Comunidad Educativa.<\/strong><\/p>\n<p>La educaci\u00f3n dominicana se ha caracterizado por la limitada calidad educativa existente. Entre las causas se destacan la baja inversi\u00f3n del Estado, la baja formaci\u00f3n y desmotivaci\u00f3n del profesorado, precarios materiales did\u00e1cticos y precarias condiciones de las infraestructuras.<\/p>\n<p>Otro problema fundamental es la debilidad de la capacidad de incidencia de la comunidad educativa, la cual ten\u00eda mucha confusi\u00f3n y poco conocimiento del rol que deber\u00edan desempe\u00f1ar las APMAES (Asociaci\u00f3n de Padres, Madres y Amigos de la Escuela). Las APMAES est\u00e1n constituidas por los padres, madres, estudiantes, maestros y amigos de las escuelas con el rol de asegurar que se cumple con la ley general de educaci\u00f3n.&nbsp; Esto se traduce en monitorear las escuelas, para asegurar que las infraestructuras est\u00e1n en buenas condiciones, que los maestros y dem\u00e1s personal de la escuela cumplen con sus papeles y que los comit\u00e9s vigilan por la calidad y los contenidos de los cursos.<\/p>\n<p>La debilidad de las APMAES obedec\u00eda a que estas funcionaban bajo la sombrilla de las autoridades de educaci\u00f3n, no ten\u00edan autonom\u00eda ni actuaban con iniciativas propias.&nbsp; No ten\u00edan estructuras claramente definidas, no conoc\u00edan ni enfrentaban los problemas de las escuelas, ni vigilaban por el buen funcionamiento de los centros educativos.<\/p>\n<p>En el marco de este proyecto, esos espacios comienzan a entender su rol y a estar claros de sus funciones. Se imparti\u00f3 una serie de talleres &nbsp;y jornadas de capacitaci\u00f3n sobre los temas de liderazgo centrado en el servicio, incidencia p\u00fablica, funcionamiento y rol de las APMAES y derechos humanos. &nbsp;Como resultado, a la fecha de hoy, un total de 8 comunidades educativas se han fortalecido, conocen los problemas de sus escuelas, articulan acciones a favor de la soluci\u00f3n de los mismos y hacen incidencia a nivel de las autoridades educativas.<\/p>\n<table border=\"1\" cellspacing=\"0\" cellpadding=\"0\">\n<tbody>\n<tr>\n<td width=\"299\" valign=\"top\">&nbsp;<a href=\"http:\/\/ciepo.org\/web\/wp-content\/uploads\/2011\/10\/DSCN22921.jpg\"><img loading=\"lazy\" decoding=\"async\" title=\"DSCN2292\" src=\"http:\/\/ciepo.org\/web\/wp-content\/uploads\/2011\/10\/DSCN22921-300x215.jpg\" alt=\"\" width=\"300\" height=\"215\"\/><\/a><\/td>\n<td width=\"299\" valign=\"top\">&nbsp;<a href=\"http:\/\/ciepo.org\/web\/wp-content\/uploads\/2011\/10\/DSCN0100.jpg\"><img loading=\"lazy\" decoding=\"async\" title=\"DSCN0100\" src=\"http:\/\/ciepo.org\/web\/wp-content\/uploads\/2011\/10\/DSCN0100-300x216.jpg\" alt=\"\" width=\"300\" height=\"216\"\/><\/a><\/td>\n<\/tr>\n<tr>\n<td width=\"299\" valign=\"top\">&nbsp;<a href=\"http:\/\/ciepo.org\/web\/wp-content\/uploads\/2011\/10\/Picture-080.jpg\"><img loading=\"lazy\" decoding=\"async\" title=\"Picture 080\" src=\"http:\/\/ciepo.org\/web\/wp-content\/uploads\/2011\/10\/Picture-080-300x225.jpg\" alt=\"\" width=\"300\" height=\"225\"\/><\/a><\/td>\n<td width=\"299\" valign=\"top\">&nbsp;<a href=\"http:\/\/ciepo.org\/web\/wp-content\/uploads\/2011\/10\/Picture-209.jpg\"><img loading=\"lazy\" decoding=\"async\" title=\"Picture 209\" src=\"http:\/\/ciepo.org\/web\/wp-content\/uploads\/2011\/10\/Picture-209-300x225.jpg\" alt=\"\" width=\"300\" height=\"225\"\/><\/a><\/td>\n<\/tr>\n<\/tbody>\n<\/table>\n<p><strong>3. Incidencia<\/strong><\/p>\n<p>El limitado rol de las organizaciones de base, de las Asociaciones de Padres, Madres y Amigos de las Escuelas y las deficiencias de liderazgo, ha impedido que estos espacios desarrollen un rol m\u00e1s din\u00e1mico que permita hacer frente a los retos y desaf\u00edos de la educaci\u00f3n a nivel de sus comunidades.<\/p>\n<p>Es en ese contexto que el proyecto ejecuta un componente de capacitaci\u00f3n que busca fortalecer en materia de incidencia p\u00fablica, no solo a las comunidades educativas, sino tambi\u00e9n a las organizaciones de base y sectores que tienen vinculaci\u00f3n con la educaci\u00f3n.<\/p>\n<p>Se han desarrollado jornadas y talleres partiendo de la base de la realizaci\u00f3n de un diagn\u00f3stico que recogi\u00f3 las principales necesidades de los centros educativos de la zona y sus posibles alternativas de soluci\u00f3n. Este diagn\u00f3stico fue realizado por las comunidades educativas, las que elaboraron un Plan de Acci\u00f3n para enfrentar las necesidades recogidas en el estudio. Tambi\u00e9n, se conformaron &nbsp;Comit\u00e9s&nbsp; por cada comunidad educativa, que se encargan ejecutar el plan y darle seguimiento.<\/p>\n<p>En el proyecto, se tiene contemplado la realizaci\u00f3n de un encuentro provincial, para dar a conocer la realidad de la educaci\u00f3n en la provincia Independencia y para plantear alternativas de soluci\u00f3n a los problemas, articulando esfuerzos con otras instituciones de la zona.<\/p>\n<table border=\"1\" cellspacing=\"0\" cellpadding=\"0\">\n<tbody>\n<tr>\n<td width=\"299\" valign=\"top\">&nbsp;<a href=\"http:\/\/ciepo.org\/web\/wp-content\/uploads\/2011\/10\/DSCN2229.jpg\"><img loading=\"lazy\" decoding=\"async\" title=\"DSCN2229\" src=\"http:\/\/ciepo.org\/web\/wp-content\/uploads\/2011\/10\/DSCN2229-300x225.jpg\" alt=\"\" width=\"300\" height=\"225\"\/><\/a><\/td>\n<td width=\"299\" valign=\"top\">&nbsp;<a href=\"http:\/\/ciepo.org\/web\/wp-content\/uploads\/2011\/10\/DSCN2269.jpg\"><img loading=\"lazy\" decoding=\"async\" title=\"DSCN2269\" src=\"http:\/\/ciepo.org\/web\/wp-content\/uploads\/2011\/10\/DSCN2269-300x225.jpg\" alt=\"\" width=\"300\" height=\"225\"\/><\/a><\/td>\n<\/tr>\n<\/tbody>\n<\/table>\n<p><strong>4.&nbsp;Cursos&nbsp;no&nbsp;tradicionales&nbsp;<\/strong><\/p>\n<p>Con el objetivo de crear capacidades, innovar,&nbsp;ampliar su radio de beneficiarios y lanzar al mercado laborar jovenes preparados en diferentes oficios, CIEPO ha ejecutado varios cursos t\u00e9cnicos, entre los que se destacan: Reparacion de Electrodom\u00e9sticos,&nbsp;Electricidad Residencial, Tapicer\u00eda,&nbsp;Fabricaci\u00f3n de Canastas y Muebles en Mimbre y Rat\u00e1n y&nbsp;Artesan\u00eda.&nbsp; Recientemente,&nbsp;&nbsp;se graduaron 30 jovenes en el oficio de reparaci\u00f3n de electrodom\u00e9sticos y 25 mujeres en tapicer\u00eda.&nbsp; Ambos cursos, que se extendieron por espacio de tres meses cada uno, fueron impartidos por el Instituto Nacional de Formacion T\u00e9cnico Vocacional (INFOTEP).<\/p>\n<p>Al d\u00eda de hoy, los jonenes que se capacitaron, est\u00e1n sacando provecho. Algunos han instalado sus peque\u00f1os talleres, donde reparan abanicos, planchas, lavadoras, radios, televisores&nbsp; y otro tipo de electodom\u00e9sticos, con lo que adquieren recursos que utilizan para sus estudios universitarios.<\/p>\n<table border=\"1\" cellspacing=\"0\" cellpadding=\"0\">\n<tbody>\n<tr>\n<td width=\"299\" valign=\"top\">&nbsp;<a href=\"http:\/\/ciepo.org\/web\/wp-content\/uploads\/2011\/10\/Picture-019.jpg\"><img loading=\"lazy\" decoding=\"async\" title=\"Picture 019\" src=\"http:\/\/ciepo.org\/web\/wp-content\/uploads\/2011\/10\/Picture-019-300x206.jpg\" alt=\"\" width=\"320\" height=\"226\"\/><\/a><\/td>\n<td width=\"299\" valign=\"top\">&nbsp;<a href=\"http:\/\/ciepo.org\/web\/wp-content\/uploads\/2011\/10\/094.jpg\"><img loading=\"lazy\" decoding=\"async\" title=\"094\" src=\"http:\/\/ciepo.org\/web\/wp-content\/uploads\/2011\/10\/094-300x225.jpg\" alt=\"\" width=\"300\" height=\"225\"\/><\/a><\/td>\n<\/tr>\n<tr>\n<td width=\"299\" valign=\"top\">&nbsp;<a href=\"http:\/\/ciepo.org\/web\/wp-content\/uploads\/2011\/10\/DSCN2369.jpg\"><img loading=\"lazy\" decoding=\"async\" title=\"DSCN2369\" src=\"http:\/\/ciepo.org\/web\/wp-content\/uploads\/2011\/10\/DSCN2369-300x225.jpg\" alt=\"\" width=\"300\" height=\"225\"\/><\/a><\/td>\n<td width=\"299\" valign=\"top\">&nbsp;<a href=\"http:\/\/ciepo.org\/web\/wp-content\/uploads\/2011\/10\/Electricidad.jpg\"><img loading=\"lazy\" decoding=\"async\" class=\"alignleft size-medium wp-image-349\" title=\"Electricidad\" src=\"http:\/\/ciepo.org\/web\/wp-content\/uploads\/2011\/10\/Electricidad-300x225.jpg\" alt=\"\" width=\"300\" height=\"225\" srcset=\"https:\/\/ciepo.org\/web\/wp-content\/uploads\/2011\/10\/Electricidad-300x225.jpg 300w, https:\/\/ciepo.org\/web\/wp-content\/uploads\/2011\/10\/Electricidad.jpg 640w\" sizes=\"(max-width: 300px) 100vw, 300px\" \/><\/a><\/td>\n<\/tr>\n<\/tbody>\n<\/table>\n<p><a href=\"http:\/\/ciepo.org\/web\/wp-content\/uploads\/2011\/10\/DSCN2369.jpg\"><\/a>&nbsp;<\/p>\n<p style=\"text-align: justify;\"><strong>5. Menuditos<\/strong><\/p>\n<p style=\"text-align: justify;\">En el marco del proyecto &#8220;Articulando Esfuerzos a favor de la Educaci\u00f3n&#8221;, se desarrolla un programa de radio&nbsp;producido y conducido por un grupo de ni\u00f1os\/as y adolescentes, cuyo objetivo es resaltar los valores m\u00e1s sanos de la sociedad, reivindicar los derechos de los ni\u00f1os y llevar al p\u00fablico temas que contribuyen con el fortalecimiento espiritual y moral.&nbsp; El programa se lleva a cabo en estrecha coordinaci\u00f3n con el Centro Tecnol\u00f3gico Comunitario de La Descubierta, que facilita su emisora local para la transmici\u00f3n de los contenidos.<\/p>\n<p style=\"text-align: justify;\">El programa que lleva como nombre &#8220;Menuditos&#8221;, se transmite los S\u00e1bado y Domingo.&nbsp; Tiene un p\u00fablico cautivo que participa a trav\u00e9s de llamadas telef\u00f3nicas, que participa en entrevistas y en las capacitaciones.&nbsp; En el programa se aprovecha tambi\u00e9n la capacidad local para la impartici\u00f3n de temas como g\u00e9nero, gesti\u00f3n de riesgos, derechos humanos, historia nacional y otros.<\/p>\n<table style=\"width: 307px; height: 273px;\" border=\"1\" cellspacing=\"0\" cellpadding=\"0\">\n<tbody>\n<tr>\n<td width=\"599\" valign=\"top\">&nbsp;<a href=\"http:\/\/ciepo.org\/web\/wp-content\/uploads\/2011\/10\/145.jpg\"><img loading=\"lazy\" decoding=\"async\" title=\"145\" src=\"http:\/\/ciepo.org\/web\/wp-content\/uploads\/2011\/10\/145-300x225.jpg\" alt=\"\" width=\"300\" height=\"225\"\/><\/a><\/td>\n<\/tr>\n<tr>\n<td width=\"599\" valign=\"top\">&nbsp;<a href=\"http:\/\/ciepo.org\/web\/wp-content\/uploads\/2011\/10\/Picture-101.jpg\"><img loading=\"lazy\" decoding=\"async\" title=\"Picture 101\" src=\"http:\/\/ciepo.org\/web\/wp-content\/uploads\/2011\/10\/Picture-101-300x227.jpg\" alt=\"\" width=\"300\" height=\"227\"\/><\/a><\/td>\n<\/tr>\n<tr>\n<td width=\"599\" valign=\"top\">&nbsp;<a href=\"http:\/\/ciepo.org\/web\/wp-content\/uploads\/2011\/10\/DSCN0774.jpg\"><img loading=\"lazy\" decoding=\"async\" src=\"http:\/\/ciepo.org\/web\/wp-content\/uploads\/2011\/10\/DSCN0774-300x213.jpg\" alt=\"\" width=\"300\" height=\"213\"\/><\/a><\/td>\n<\/tr>\n<\/tbody>\n<\/table>\n<p style=\"text-align: justify;\">Integrantes del Programa Menuditos en diferentes actividades de Capacitaci\u00f3n<\/p>\n<p style=\"text-align: justify;\">\n","protected":false},"excerpt":{"rendered":"<p>El Centro de Investigaci\u00f3n y Educaci\u00f3n Popular (CIEPO), ejecuta el proyecto titulado: \u201cArticulando&nbsp;esfuerzos a favor de la educaci\u00f3n para todos y todas: Fortalecimiento de&nbsp; la comunidad educativa e impulso de metodolog\u00edas educativas desde un enfoque de g\u00e9nero y de derechos humanos, en Rep\u00fablica Dominicana\u201d. Este proyecto es cofinanciado por la AECID y&nbsp; forma parte de [&hellip;]<\/p>\n","protected":false},"author":2,"featured_media":0,"parent":181,"menu_order":0,"comment_status":"closed","ping_status":"open","template":"","meta":{"footnotes":""},"_links":{"self":[{"href":"https:\/\/ciepo.org\/web\/wp-json\/wp\/v2\/pages\/296"}],"collection":[{"href":"https:\/\/ciepo.org\/web\/wp-json\/wp\/v2\/pages"}],"about":[{"href":"https:\/\/ciepo.org\/web\/wp-json\/wp\/v2\/types\/page"}],"author":[{"embeddable":true,"href":"https:\/\/ciepo.org\/web\/wp-json\/wp\/v2\/users\/2"}],"replies":[{"embeddable":true,"href":"https:\/\/ciepo.org\/web\/wp-json\/wp\/v2\/comments?post=296"}],"version-history":[{"count":12,"href":"https:\/\/ciepo.org\/web\/wp-json\/wp\/v2\/pages\/296\/revisions"}],"predecessor-version":[{"id":24840,"href":"https:\/\/ciepo.org\/web\/wp-json\/wp\/v2\/pages\/296\/revisions\/24840"}],"up":[{"embeddable":true,"href":"https:\/\/ciepo.org\/web\/wp-json\/wp\/v2\/pages\/181"}],"wp:attachment":[{"href":"https:\/\/ciepo.org\/web\/wp-json\/wp\/v2\/media?parent=296"}],"curies":[{"name":"wp","href":"https:\/\/api.w.org\/{rel}","templated":true}]}}