{"id":25322,"date":"2021-09-28T15:17:43","date_gmt":"2021-09-28T15:17:43","guid":{"rendered":"https:\/\/ciepo.org\/nbsime\/?page_id=340"},"modified":"2021-09-28T15:17:43","modified_gmt":"2021-09-28T15:17:43","slug":"estrategia","status":"publish","type":"page","link":"https:\/\/ciepo.org\/web\/estrategia\/","title":{"rendered":"ESTRATEGIA"},"content":{"rendered":"<div class='flex_column av-hilng-e910217455c449812f50436e973b8792 av_one_full  avia-builder-el-0  el_before_av_section  avia-builder-el-no-sibling  first flex_column_div '   ><p>\n<style type=\"text\/css\" data-created_by=\"avia_inline_auto\" id=\"style-css-av-ku482w26-d5728eb4c33c581d2f58bea860e289f2\">\n#top .av-special-heading.av-ku482w26-d5728eb4c33c581d2f58bea860e289f2{\npadding-bottom:10px;\n}\n<\/style>\n<div  class='av-special-heading av-ku482w26-d5728eb4c33c581d2f58bea860e289f2 av-special-heading-h2 blockquote elegant-quote elegant-centered  avia-builder-el-1  el_before_av_hr  avia-builder-el-first  '><h2 class='av-special-heading-tag '  itemprop=\"headline\"  ><span class=\"heading-wrap\">Estrategia para lograr su misi\u00f3n institucional<\/span><\/h2><div class='special-heading-border'><div class='special-heading-inner-border'><\/div><\/div><\/div><br \/>\n\n<style type=\"text\/css\" data-created_by=\"avia_inline_auto\" id=\"style-css-av-80ack-c510fee433e4a4dce0396fce912f0050\">\n#top .hr.hr-invisible.av-80ack-c510fee433e4a4dce0396fce912f0050{\nheight:30px;\n}\n<\/style>\n<div  class='hr av-80ack-c510fee433e4a4dce0396fce912f0050 hr-invisible  avia-builder-el-2  el_after_av_heading  avia-builder-el-last  '><span class='hr-inner '><span class=\"hr-inner-style\"><\/span><\/span><\/div><\/p><\/div><\/div><\/div><\/div><!-- close content main div --><\/div><\/div><div id='av_section_1'  class='avia-section av-av_section-33a9d2291b82d61b6f805bbb74b4477c main_color avia-section-large avia-no-border-styling  avia-builder-el-3  el_after_av_one_full  avia-builder-el-last  avia-bg-style-scroll  container_wrap sidebar_right'  ><div class='container av-section-cont-open' ><div class='template-page content  av-content-small alpha units'><div class='post-entry post-entry-type-page post-entry-25322'><div class='entry-content-wrapper clearfix'>\n\n<style type=\"text\/css\" data-created_by=\"avia_inline_auto\" id=\"style-css-av-av_one_fourth-43099820475611fbbfa5180d953d86ba\">\n.flex_column.av-av_one_fourth-43099820475611fbbfa5180d953d86ba{\nborder-radius:0px 0px 0px 0px;\n-webkit-border-radius:0px 0px 0px 0px;\n-moz-border-radius:0px 0px 0px 0px;\n}\n<\/style>\n<div class='flex_column av-av_one_fourth-43099820475611fbbfa5180d953d86ba av_one_fourth  avia-builder-el-4  el_before_av_one_fourth  avia-builder-el-first  first flex_column_div  av-animated-generic bottom-to-top av-zero-column-padding '   ><div  class='avia-builder-widget-area clearfix  avia-builder-el-5  avia-builder-el-no-sibling '><section id=\"nav_menu-3\" class=\"widget clearfix widget_nav_menu\"><div class=\"menu-menu-side-bar-container\"><ul id=\"menu-menu-side-bar\" class=\"menu\"><li id=\"menu-item-25446\" class=\"menu-item menu-item-type-post_type menu-item-object-page menu-item-25446\"><a href=\"https:\/\/ciepo.org\/web\/quienes-somos-3\/\">\u00bfQUI\u00c9NES SOMOS?<\/a><\/li>\n<li id=\"menu-item-25447\" class=\"menu-item menu-item-type-post_type menu-item-object-page menu-item-25447\"><a href=\"https:\/\/ciepo.org\/web\/evolucion\/\">EVOLUCI\u00d3N<\/a><\/li>\n<li id=\"menu-item-25448\" class=\"menu-item menu-item-type-post_type menu-item-object-page menu-item-25448\"><a href=\"https:\/\/ciepo.org\/web\/estrategia\/\">ESTRATEGIA<\/a><\/li>\n<li id=\"menu-item-25449\" class=\"menu-item menu-item-type-post_type menu-item-object-page menu-item-25449\"><a href=\"https:\/\/ciepo.org\/web\/donde-trabaja-ciepo-2\/\">\u00bfD\u00d3NDE TRABAJA CIEPO?<\/a><\/li>\n<li id=\"menu-item-25450\" class=\"menu-item menu-item-type-post_type menu-item-object-page menu-item-25450\"><a href=\"https:\/\/ciepo.org\/web\/programas-ciepo\/\">PROGRAMAS CIEPO<\/a><\/li>\n<li id=\"menu-item-25451\" class=\"menu-item menu-item-type-post_type menu-item-object-page menu-item-25451\"><a href=\"https:\/\/ciepo.org\/web\/programas-de-desarrollo\/\">PROGRAMAS DE DESARROLLO<\/a><\/li>\n<\/ul><\/div><span class=\"seperator extralight-border\"><\/span><\/section><section id=\"avia_fb_likebox-2\" class=\"widget clearfix avia_fb_likebox\"><h3 class=\"widgettitle\">S\u00edguenos en Facebook<\/h3><div class='av_facebook_widget_wrap ' ><div class=\"fb-page\" data-width=\"500\" data-href=\"https:\/\/www.facebook.com\/ciepoindependencia\/\" data-small-header=\"false\" data-adapt-container-width=\"true\" data-hide-cover=\"false\" data-show-facepile=\"true\" data-show-posts=\"false\"><div class=\"fb-xfbml-parse-ignore\"><\/div><\/div><\/div><span class=\"seperator extralight-border\"><\/span><\/section><section id=\"newsbox-3\" class=\"widget clearfix newsbox\"><h3 class=\"widgettitle\">\u00daltimas noticias<\/h3><ul class=\"news-wrap image_size_widget\"><li class=\"news-content post-format-standard\"><a class='news-link' title='La ONG Espa\u00f1ola CESAL y CIEPO lanzan nuevo programa en 5 municipios de la Regi\u00f3n Enriquillo.' href='https:\/\/ciepo.org\/web\/la-ong-espanola-cesal-y-ciepo-lanzan-nuevo-programa-en-5-municipios-de-la-region-enriquillo\/'><span class='news-thumb '><img loading=\"lazy\" decoding=\"async\" width=\"36\" height=\"36\" src=\"https:\/\/ciepo.org\/web\/wp-content\/uploads\/2022\/10\/IMG-20221003-WA0015-36x36.jpg\" class=\"wp-image-25718 avia-img-lazy-loading-25718 attachment-widget size-widget wp-post-image\" alt=\"\" srcset=\"https:\/\/ciepo.org\/web\/wp-content\/uploads\/2022\/10\/IMG-20221003-WA0015-36x36.jpg 36w, https:\/\/ciepo.org\/web\/wp-content\/uploads\/2022\/10\/IMG-20221003-WA0015-80x80.jpg 80w, https:\/\/ciepo.org\/web\/wp-content\/uploads\/2022\/10\/IMG-20221003-WA0015-180x180.jpg 180w\" sizes=\"(max-width: 36px) 100vw, 36px\" \/><\/span><strong class='news-headline'>La ONG Espa\u00f1ola CESAL y CIEPO lanzan nuevo programa en 5 municipios de la Regi\u00f3n Enriquillo.<span class='news-time'>octubre 3, 2022 - 9:32 am<\/span><\/strong><\/a><\/li><li class=\"news-content post-format-standard\"><a class='news-link' title='CIEPO PREPARA PRIMERA FERIA PROVINCIAL MEDIOAMBIENTAL' href='https:\/\/ciepo.org\/web\/ciepo-prepara-primera-feria-provincial-medioambiental\/'><span class='news-thumb '><img loading=\"lazy\" decoding=\"async\" width=\"36\" height=\"36\" src=\"https:\/\/ciepo.org\/web\/wp-content\/uploads\/2022\/08\/2-36x36.png\" class=\"wp-image-25707 avia-img-lazy-loading-25707 attachment-widget size-widget wp-post-image\" alt=\"\" srcset=\"https:\/\/ciepo.org\/web\/wp-content\/uploads\/2022\/08\/2-36x36.png 36w, https:\/\/ciepo.org\/web\/wp-content\/uploads\/2022\/08\/2-80x80.png 80w, https:\/\/ciepo.org\/web\/wp-content\/uploads\/2022\/08\/2-180x180.png 180w\" sizes=\"(max-width: 36px) 100vw, 36px\" \/><\/span><strong class='news-headline'>CIEPO PREPARA PRIMERA FERIA PROVINCIAL MEDIOAMBIENTAL<span class='news-time'>agosto 12, 2022 - 11:25 am<\/span><\/strong><\/a><\/li><li class=\"news-content post-format-standard\"><a class='news-link' title='CIEPO: SIGUE IMPARTIENDO CHARLAS Y TALLERES SOBRE MANEJO CORRECTO DE LOS RESIDUOS S\u00d3LIDOS Y TECNICA DE RECICLAJE DIRIGIDO A NI\u00d1OS Y NI\u00d1AS.' href='https:\/\/ciepo.org\/web\/ciepo-sigue-impartiendo-charlas-y-talleres-sobre-manejo-correcto-de-los-residuos-solidos-y-tecnica-de-reciclaje\/'><span class='news-thumb no-news-thumb'><\/span><strong class='news-headline'>CIEPO: SIGUE IMPARTIENDO CHARLAS Y TALLERES SOBRE MANEJO CORRECTO DE LOS RESIDUOS S\u00d3LIDOS Y TECNICA DE RECICLAJE DIRIGIDO A NI\u00d1OS Y NI\u00d1AS.<span class='news-time'>junio 23, 2022 - 10:57 am<\/span><\/strong><\/a><\/li><li class=\"news-content post-format-standard\"><a class='news-link' title='CIEPO: APORTE A PRODUCTORES PARA CONSTRUCCION CAMINO INTERPARCELARIO, LOS PINOS \u2013 LOS BOLOS.' href='https:\/\/ciepo.org\/web\/ciepo-aporte-a-productores-para-construccion-camino-interparcelario-los-pinos-los-bolos\/'><span class='news-thumb no-news-thumb'><\/span><strong class='news-headline'>CIEPO: APORTE A PRODUCTORES PARA CONSTRUCCION CAMINO INTERPARCELARIO, LOS PINOS \u2013 LOS BOLOS.<span class='news-time'>junio 23, 2022 - 9:59 am<\/span><\/strong><\/a><\/li><\/ul><span class=\"seperator extralight-border\"><\/span><\/section><\/div><\/div>\n<style type=\"text\/css\" data-created_by=\"avia_inline_auto\" id=\"style-css-av-av_one_fourth-334f9af36cea173305c45a30c585176c\">\n.flex_column.av-av_one_fourth-334f9af36cea173305c45a30c585176c{\nborder-radius:0px 0px 0px 0px;\n-webkit-border-radius:0px 0px 0px 0px;\n-moz-border-radius:0px 0px 0px 0px;\n}\n<\/style>\n<div class='flex_column av-av_one_fourth-334f9af36cea173305c45a30c585176c av_one_fourth flex_column_div  av-animated-generic bottom-to-top av-zero-column-padding '   ><p>\n<style type=\"text\/css\" data-created_by=\"avia_inline_auto\" id=\"style-css-av-av_heading-1b3f7db2fcd8671266433f41c374de7c\">\n#top .av-special-heading.av-av_heading-1b3f7db2fcd8671266433f41c374de7c{\npadding-bottom:0px;\n}\nbody .av-special-heading.av-av_heading-1b3f7db2fcd8671266433f41c374de7c .av-special-heading-tag .heading-char{\nfont-size:25px;\npadding-bottom:10px;\n}\n<\/style>\n<div  class='av-special-heading av-av_heading-1b3f7db2fcd8671266433f41c374de7c av-special-heading-h3 blockquote elegant-quote elegant-centered av-icon '><h3 class='av-special-heading-tag '  itemprop=\"headline\"  ><span class='heading-char avia-font-entypo-fontello ' aria-hidden='true' data-av_icon='\ue82a' data-av_iconfont='entypo-fontello'><\/span><span class=\"heading-wrap\">Misi\u00f3n<\/span><\/h3><div class='special-heading-border'><div class='special-heading-inner-border'><\/div><\/div><\/div><br \/>\n\n<style type=\"text\/css\" data-created_by=\"avia_inline_auto\" id=\"style-css-av-av_hr-388459746f43995366c1da7cebad4377\">\n#top .hr.av-av_hr-388459746f43995366c1da7cebad4377{\nmargin-top:10px;\nmargin-bottom:10px;\n}\n.hr.av-av_hr-388459746f43995366c1da7cebad4377 .hr-inner{\nwidth:50px;\nborder-color:#a2ba23;\n}\n<\/style>\n<div  class='hr av-av_hr-388459746f43995366c1da7cebad4377 hr-custom hr-center hr-icon-no '><span class='hr-inner inner-border-av-border-fat'><span class=\"hr-inner-style\"><\/span><\/span><\/div><br \/>\n<section class=\"av_textblock_section \"  itemscope=\"itemscope\" itemtype=\"https:\/\/schema.org\/BlogPosting\" itemprop=\"blogPost\" ><div class='avia_textblock  '   itemprop=\"text\" ><p><span style=\"color: #000000;\">CIEPO es una instituci\u00f3n reconocida por sus proyectos con los cuales contribuye al desarrollo sostenible, al bienestar y a la autogesti\u00f3n de las comunidades mas vulnerables de la provincia Independencia.<\/span><\/p>\n<\/div><\/section><\/p><\/div>\n<style type=\"text\/css\" data-created_by=\"avia_inline_auto\" id=\"style-css-av-av_one_fourth-334f9af36cea173305c45a30c585176c\">\n.flex_column.av-av_one_fourth-334f9af36cea173305c45a30c585176c{\nborder-radius:0px 0px 0px 0px;\n-webkit-border-radius:0px 0px 0px 0px;\n-moz-border-radius:0px 0px 0px 0px;\n}\n<\/style>\n<div class='flex_column av-av_one_fourth-334f9af36cea173305c45a30c585176c av_one_fourth flex_column_div  av-animated-generic bottom-to-top av-zero-column-padding '   ><p>\n<style type=\"text\/css\" data-created_by=\"avia_inline_auto\" id=\"style-css-av-av_heading-5728b87185851fde8b8bfddce41ca7d9\">\n#top .av-special-heading.av-av_heading-5728b87185851fde8b8bfddce41ca7d9{\npadding-bottom:0px;\n}\nbody .av-special-heading.av-av_heading-5728b87185851fde8b8bfddce41ca7d9 .av-special-heading-tag .heading-char{\nfont-size:25px;\npadding-bottom:10px;\n}\n<\/style>\n<div  class='av-special-heading av-av_heading-5728b87185851fde8b8bfddce41ca7d9 av-special-heading-h3 blockquote elegant-quote elegant-centered av-icon '><h3 class='av-special-heading-tag '  itemprop=\"headline\"  ><span class='heading-char avia-font-entypo-fontello ' aria-hidden='true' data-av_icon='\ue8a8' data-av_iconfont='entypo-fontello'><\/span><span class=\"heading-wrap\">Visi\u00f3n<\/span><\/h3><div class='special-heading-border'><div class='special-heading-inner-border'><\/div><\/div><\/div><br \/>\n\n<style type=\"text\/css\" data-created_by=\"avia_inline_auto\" id=\"style-css-av-av_hr-388459746f43995366c1da7cebad4377\">\n#top .hr.av-av_hr-388459746f43995366c1da7cebad4377{\nmargin-top:10px;\nmargin-bottom:10px;\n}\n.hr.av-av_hr-388459746f43995366c1da7cebad4377 .hr-inner{\nwidth:50px;\nborder-color:#a2ba23;\n}\n<\/style>\n<div  class='hr av-av_hr-388459746f43995366c1da7cebad4377 hr-custom hr-center hr-icon-no '><span class='hr-inner inner-border-av-border-fat'><span class=\"hr-inner-style\"><\/span><\/span><\/div><br \/>\n<section class=\"av_textblock_section \"  itemscope=\"itemscope\" itemtype=\"https:\/\/schema.org\/BlogPosting\" itemprop=\"blogPost\" ><div class='avia_textblock  '   itemprop=\"text\" ><p><span style=\"color: #000000;\">Contribuir a elevar la calidad de vida de la poblaci\u00f3n mediante la ejecuci\u00f3n de proyectos que empoderan grupos de base, aseguran servicios financieros, protegen el medio ambiente y fomentan las peque\u00f1as empresas.<\/span><\/p>\n<\/div><\/section><\/p><\/div>\n<style type=\"text\/css\" data-created_by=\"avia_inline_auto\" id=\"style-css-av-av_one_fourth-334f9af36cea173305c45a30c585176c\">\n.flex_column.av-av_one_fourth-334f9af36cea173305c45a30c585176c{\nborder-radius:0px 0px 0px 0px;\n-webkit-border-radius:0px 0px 0px 0px;\n-moz-border-radius:0px 0px 0px 0px;\n}\n<\/style>\n<div class='flex_column av-av_one_fourth-334f9af36cea173305c45a30c585176c av_one_fourth flex_column_div  av-animated-generic bottom-to-top av-zero-column-padding '   ><p>\n<style type=\"text\/css\" data-created_by=\"avia_inline_auto\" id=\"style-css-av-av_heading-d7aa291306f052dc20b11388998a82de\">\n#top .av-special-heading.av-av_heading-d7aa291306f052dc20b11388998a82de{\npadding-bottom:0px;\n}\nbody .av-special-heading.av-av_heading-d7aa291306f052dc20b11388998a82de .av-special-heading-tag .heading-char{\nfont-size:25px;\npadding-bottom:10px;\n}\n<\/style>\n<div  class='av-special-heading av-av_heading-d7aa291306f052dc20b11388998a82de av-special-heading-h3 blockquote elegant-quote elegant-centered av-icon '><h3 class='av-special-heading-tag '  itemprop=\"headline\"  ><span class='heading-char avia-font-entypo-fontello ' aria-hidden='true' data-av_icon='\ue850' data-av_iconfont='entypo-fontello'><\/span><span class=\"heading-wrap\">Proyectos<\/span><\/h3><div class='special-heading-border'><div class='special-heading-inner-border'><\/div><\/div><\/div><br \/>\n\n<style type=\"text\/css\" data-created_by=\"avia_inline_auto\" id=\"style-css-av-av_hr-388459746f43995366c1da7cebad4377\">\n#top .hr.av-av_hr-388459746f43995366c1da7cebad4377{\nmargin-top:10px;\nmargin-bottom:10px;\n}\n.hr.av-av_hr-388459746f43995366c1da7cebad4377 .hr-inner{\nwidth:50px;\nborder-color:#a2ba23;\n}\n<\/style>\n<div  class='hr av-av_hr-388459746f43995366c1da7cebad4377 hr-custom hr-center hr-icon-no '><span class='hr-inner inner-border-av-border-fat'><span class=\"hr-inner-style\"><\/span><\/span><\/div><br \/>\n<section class=\"av_textblock_section \"  itemscope=\"itemscope\" itemtype=\"https:\/\/schema.org\/BlogPosting\" itemprop=\"blogPost\" ><div class='avia_textblock  '   itemprop=\"text\" ><div class=\"wpb_column vc_column_container vc_col-sm-4 thegem-custom-614b7266410748748\">\n<div class=\"vc_column-inner \">\n<div class=\"wpb_wrapper\">\n<div class=\"wpb_text_column wpb_content_element \">\n<div class=\"wpb_wrapper\">\n<p><span style=\"color: #000000;\">CIEPO es una organizaci\u00f3n sin fines de lucro con asiento institucional en La Descubierta y su principal \u00e1rea de acci\u00f3n es la provincia Independencia. En los \u00faltimos a\u00f1os el Centro se ha consolidado como la ONG m\u00e1s importante e influyente de la zona.<\/span><\/p>\n<\/div>\n<\/div>\n<div class=\"clearboth\"><\/div>\n<div class=\"gem-divider gem-divider-style-5\"><\/div>\n<\/div>\n<\/div>\n<\/div>\n<div class=\"wpb_column vc_column_container vc_col-sm-12 thegem-custom-614b72664154a8713\">\n<div class=\"vc_column-inner \">\n<div class=\"wpb_wrapper\">\n<div class=\"clearboth\"><\/div>\n<\/div>\n<\/div>\n<\/div>\n<\/div><\/section><\/p><\/div><\/div><\/div><\/div><!-- close content main div --><\/div><\/div><div id='after_section_1'  class='main_color av_default_container_wrap container_wrap sidebar_right'  ><div class='container av-section-cont-open' ><div class='template-page content  av-content-small alpha units'><div class='post-entry post-entry-type-page post-entry-25322'><div class='entry-content-wrapper clearfix'><\/p>\n","protected":false},"excerpt":{"rendered":"","protected":false},"author":2,"featured_media":0,"parent":0,"menu_order":0,"comment_status":"closed","ping_status":"closed","template":"","meta":{"footnotes":""},"_links":{"self":[{"href":"https:\/\/ciepo.org\/web\/wp-json\/wp\/v2\/pages\/25322"}],"collection":[{"href":"https:\/\/ciepo.org\/web\/wp-json\/wp\/v2\/pages"}],"about":[{"href":"https:\/\/ciepo.org\/web\/wp-json\/wp\/v2\/types\/page"}],"author":[{"embeddable":true,"href":"https:\/\/ciepo.org\/web\/wp-json\/wp\/v2\/users\/2"}],"replies":[{"embeddable":true,"href":"https:\/\/ciepo.org\/web\/wp-json\/wp\/v2\/comments?post=25322"}],"version-history":[{"count":0,"href":"https:\/\/ciepo.org\/web\/wp-json\/wp\/v2\/pages\/25322\/revisions"}],"wp:attachment":[{"href":"https:\/\/ciepo.org\/web\/wp-json\/wp\/v2\/media?parent=25322"}],"curies":[{"name":"wp","href":"https:\/\/api.w.org\/{rel}","templated":true}]}}