{"id":583,"date":"2021-10-05T15:21:01","date_gmt":"2021-10-05T15:21:01","guid":{"rendered":"https:\/\/ciepo.org\/nbsime\/?page_id=583"},"modified":"2021-10-05T15:21:01","modified_gmt":"2021-10-05T15:21:01","slug":"galeria","status":"publish","type":"page","link":"https:\/\/ciepo.org\/nbsime\/galeria\/","title":{"rendered":"GALER\u00cdA"},"content":{"rendered":"<div class='flex_column av-av_one_full-d846867a37b468541bc8830743d44203 av_one_full  avia-builder-el-0  el_before_av_one_half  avia-builder-el-first  first flex_column_div '   ><p>\n<style type=\"text\/css\" data-created_by=\"avia_inline_auto\" id=\"style-css-av-kudmhzdk-d8660cedf6a51339d8e15a6d9f094d77\">\n#top .av-special-heading.av-kudmhzdk-d8660cedf6a51339d8e15a6d9f094d77{\npadding-bottom:10px;\n}\n<\/style>\n<div  class='av-special-heading av-kudmhzdk-d8660cedf6a51339d8e15a6d9f094d77 av-special-heading-h2 blockquote elegant-quote elegant-centered  avia-builder-el-1  el_before_av_hr  avia-builder-el-first  '><h2 class='av-special-heading-tag '  itemprop=\"headline\"  ><span class=\"heading-wrap\">Galer\u00eda<\/span><\/h2><div class='special-heading-border'><div class='special-heading-inner-border'><\/div><\/div><\/div><br \/>\n\n<style type=\"text\/css\" data-created_by=\"avia_inline_auto\" id=\"style-css-av-av_hr-af89a52d51412774536fa272e468f7cd\">\n#top .hr.hr-invisible.av-av_hr-af89a52d51412774536fa272e468f7cd{\nheight:30px;\n}\n<\/style>\n<div  class='hr av-av_hr-af89a52d51412774536fa272e468f7cd hr-invisible  avia-builder-el-2  el_after_av_heading  avia-builder-el-last  '><span class='hr-inner '><span class=\"hr-inner-style\"><\/span><\/span><\/div><\/p><\/div><div class='flex_column av-av_one_half-d846867a37b468541bc8830743d44203 av_one_half  avia-builder-el-3  el_after_av_one_full  el_before_av_one_half  first flex_column_div column-top-margin'   ><p>\n<style type=\"text\/css\" data-created_by=\"avia_inline_auto\" id=\"style-css-av-kudn7lf7-251b865f9b3d1f9d02d57008ae2984cf\">\n#top .av-special-heading.av-kudn7lf7-251b865f9b3d1f9d02d57008ae2984cf{\npadding-bottom:10px;\n}\n<\/style>\n<div  class='av-special-heading av-kudn7lf7-251b865f9b3d1f9d02d57008ae2984cf av-special-heading-h3  avia-builder-el-4  el_before_av_gallery  avia-builder-el-first  '><h3 class='av-special-heading-tag '  itemprop=\"headline\"  >Actividades ambientales en grande<\/h3><div class='special-heading-border'><div class='special-heading-inner-border'><\/div><\/div><\/div><br \/>\n\n<style type=\"text\/css\" data-created_by=\"avia_inline_auto\" id=\"style-css-av-kudn0q4d-730afa9d52959401e38da4be76266ac5\">\n#top .avia-gallery.av-kudn0q4d-730afa9d52959401e38da4be76266ac5 .avia-gallery-thumb a{\nwidth:20%;\n}\n<\/style>\n<div  class='avia-gallery av-kudn0q4d-730afa9d52959401e38da4be76266ac5 avia_animate_when_visible  avia-builder-el-5  el_after_av_heading  el_before_av_textblock  avia_lazyload avia-gallery-animate  avia-gallery-1'  itemprop=\"image\" itemscope=\"itemscope\" itemtype=\"https:\/\/schema.org\/ImageObject\" ><a class='avia-gallery-big fakeLightbox lightbox avia-gallery-big-crop-thumb ' href=\"https:\/\/ciepo.org\/nbsime\/wp-content\/uploads\/2021\/10\/Foto-7-Publico-Asistente-a-Charla-sobre-Medio-Ambiente-y-Recursos-Naturales.-1024x576-2.jpg\" data-srcset=\"https:\/\/ciepo.org\/nbsime\/wp-content\/uploads\/2021\/10\/Foto-7-Publico-Asistente-a-Charla-sobre-Medio-Ambiente-y-Recursos-Naturales.-1024x576-2.jpg 1024w, https:\/\/ciepo.org\/nbsime\/wp-content\/uploads\/2021\/10\/Foto-7-Publico-Asistente-a-Charla-sobre-Medio-Ambiente-y-Recursos-Naturales.-1024x576-2-300x169.jpg 300w, https:\/\/ciepo.org\/nbsime\/wp-content\/uploads\/2021\/10\/Foto-7-Publico-Asistente-a-Charla-sobre-Medio-Ambiente-y-Recursos-Naturales.-1024x576-2-768x432.jpg 768w, https:\/\/ciepo.org\/nbsime\/wp-content\/uploads\/2021\/10\/Foto-7-Publico-Asistente-a-Charla-sobre-Medio-Ambiente-y-Recursos-Naturales.-1024x576-2-705x397.jpg 705w\" data-sizes=\"(max-width: 1024px) 100vw, 1024px\"  data-onclick='1' title='' ><span class='avia-gallery-big-inner'  itemprop=\"thumbnailUrl\" ><img decoding=\"async\" class=\"wp-image-589 avia-img-lazy-loading-not-589\"  width=\"495\" height=\"400\" src=\"https:\/\/ciepo.org\/nbsime\/wp-content\/uploads\/2021\/10\/Foto-7-Publico-Asistente-a-Charla-sobre-Medio-Ambiente-y-Recursos-Naturales.-1024x576-2-495x400.jpg\" title='' alt='' \/><\/span><\/a><div class='avia-gallery-thumb'> <a href=\"https:\/\/ciepo.org\/nbsime\/wp-content\/uploads\/2021\/10\/Foto-7-Publico-Asistente-a-Charla-sobre-Medio-Ambiente-y-Recursos-Naturales.-1024x576-2.jpg\" data-srcset=\"https:\/\/ciepo.org\/nbsime\/wp-content\/uploads\/2021\/10\/Foto-7-Publico-Asistente-a-Charla-sobre-Medio-Ambiente-y-Recursos-Naturales.-1024x576-2.jpg 1024w, https:\/\/ciepo.org\/nbsime\/wp-content\/uploads\/2021\/10\/Foto-7-Publico-Asistente-a-Charla-sobre-Medio-Ambiente-y-Recursos-Naturales.-1024x576-2-300x169.jpg 300w, https:\/\/ciepo.org\/nbsime\/wp-content\/uploads\/2021\/10\/Foto-7-Publico-Asistente-a-Charla-sobre-Medio-Ambiente-y-Recursos-Naturales.-1024x576-2-768x432.jpg 768w, https:\/\/ciepo.org\/nbsime\/wp-content\/uploads\/2021\/10\/Foto-7-Publico-Asistente-a-Charla-sobre-Medio-Ambiente-y-Recursos-Naturales.-1024x576-2-705x397.jpg 705w\" data-sizes=\"(max-width: 1024px) 100vw, 1024px\" data-rel='gallery-1' data-prev-img='https:\/\/ciepo.org\/nbsime\/wp-content\/uploads\/2021\/10\/Foto-7-Publico-Asistente-a-Charla-sobre-Medio-Ambiente-y-Recursos-Naturales.-1024x576-2-495x400.jpg' class='first_thumb lightbox ' data-onclick='1' title=''  itemprop=\"thumbnailUrl\"  ><img decoding=\"async\" class=\"wp-image-589 avia-img-lazy-loading-not-589\"   src=\"https:\/\/ciepo.org\/nbsime\/wp-content\/uploads\/2021\/10\/Foto-7-Publico-Asistente-a-Charla-sobre-Medio-Ambiente-y-Recursos-Naturales.-1024x576-2-495x400.jpg\" width=\"495\" height=\"400\"  title='' alt='' \/><\/a> <a href=\"https:\/\/ciepo.org\/nbsime\/wp-content\/uploads\/2021\/10\/Foto-7.1.-Publico-asistente-a-Charla-Sobre-Medio-Ambiente-1024x576-1.jpg\" data-srcset=\"https:\/\/ciepo.org\/nbsime\/wp-content\/uploads\/2021\/10\/Foto-7.1.-Publico-asistente-a-Charla-Sobre-Medio-Ambiente-1024x576-1.jpg 1024w, https:\/\/ciepo.org\/nbsime\/wp-content\/uploads\/2021\/10\/Foto-7.1.-Publico-asistente-a-Charla-Sobre-Medio-Ambiente-1024x576-1-300x169.jpg 300w, https:\/\/ciepo.org\/nbsime\/wp-content\/uploads\/2021\/10\/Foto-7.1.-Publico-asistente-a-Charla-Sobre-Medio-Ambiente-1024x576-1-768x432.jpg 768w, https:\/\/ciepo.org\/nbsime\/wp-content\/uploads\/2021\/10\/Foto-7.1.-Publico-asistente-a-Charla-Sobre-Medio-Ambiente-1024x576-1-705x397.jpg 705w\" data-sizes=\"(max-width: 1024px) 100vw, 1024px\" data-rel='gallery-1' data-prev-img='https:\/\/ciepo.org\/nbsime\/wp-content\/uploads\/2021\/10\/Foto-7.1.-Publico-asistente-a-Charla-Sobre-Medio-Ambiente-1024x576-1-495x400.jpg' class='lightbox ' data-onclick='2' title=''  itemprop=\"thumbnailUrl\"  ><img decoding=\"async\" class=\"wp-image-585 avia-img-lazy-loading-not-585\"   src=\"https:\/\/ciepo.org\/nbsime\/wp-content\/uploads\/2021\/10\/Foto-7.1.-Publico-asistente-a-Charla-Sobre-Medio-Ambiente-1024x576-1-495x400.jpg\" width=\"495\" height=\"400\"  title='' alt='' \/><\/a><\/div><\/div><br \/>\n<section class=\"av_textblock_section \"  itemscope=\"itemscope\" itemtype=\"https:\/\/schema.org\/CreativeWork\" ><div class='avia_textblock  '   itemprop=\"text\" ><p>M\u00e1s de sesenta (60) personas asisten a Taller Sobre la Ley 64-00, Recursos Naturales y Sus Alcances. Participantes asumen compromiso de cumplir la Ley. La interesante actividad ejecutada por la Direcci\u00f3n Provincial de Independencia en coordinaci\u00f3n con el Centro de Investigaci\u00f3n y Educaci\u00f3n Popular, Inc. (CIEPO), fue dirigida a Brigadistas DE Reforestaci\u00f3n Quisqueya Verde, Guardaparrques, Vigilantes Forestales y Empleados de Medio Ambiente.<\/p>\n<\/div><\/section><\/p><\/div><div class='flex_column av-av_one_half-337486787960716147ecfb4074cb91c6 av_one_half  avia-builder-el-7  el_after_av_one_half  el_before_av_one_half  flex_column_div column-top-margin'   ><p>\n<style type=\"text\/css\" data-created_by=\"avia_inline_auto\" id=\"style-css-av-kudng8pa-70c80fafe2493e94b74a50d4ebc6f122\">\n#top .av-special-heading.av-kudng8pa-70c80fafe2493e94b74a50d4ebc6f122{\npadding-bottom:10px;\n}\n<\/style>\n<div  class='av-special-heading av-kudng8pa-70c80fafe2493e94b74a50d4ebc6f122 av-special-heading-h3  avia-builder-el-8  el_before_av_gallery  avia-builder-el-first  '><h3 class='av-special-heading-tag '  itemprop=\"headline\"  >Reconocimiento a estudiantes<\/h3><div class='special-heading-border'><div class='special-heading-inner-border'><\/div><\/div><\/div><br \/>\n\n<style type=\"text\/css\" data-created_by=\"avia_inline_auto\" id=\"style-css-av-kudnl222-813e5bf20a1bca879cb82ae8334b9b34\">\n#top .avia-gallery.av-kudnl222-813e5bf20a1bca879cb82ae8334b9b34 .avia-gallery-thumb a{\nwidth:20%;\n}\n<\/style>\n<div  class='avia-gallery av-kudnl222-813e5bf20a1bca879cb82ae8334b9b34 avia_animate_when_visible  avia-builder-el-9  el_after_av_heading  el_before_av_textblock  avia_lazyload avia-gallery-animate  avia-gallery-2'  itemprop=\"image\" itemscope=\"itemscope\" itemtype=\"https:\/\/schema.org\/ImageObject\" ><a class='avia-gallery-big fakeLightbox lightbox avia-gallery-big-crop-thumb ' href=\"https:\/\/ciepo.org\/nbsime\/wp-content\/uploads\/2021\/10\/5.jpg\" data-srcset=\"https:\/\/ciepo.org\/nbsime\/wp-content\/uploads\/2021\/10\/5.jpg 1000w, https:\/\/ciepo.org\/nbsime\/wp-content\/uploads\/2021\/10\/5-300x169.jpg 300w, https:\/\/ciepo.org\/nbsime\/wp-content\/uploads\/2021\/10\/5-768x432.jpg 768w, https:\/\/ciepo.org\/nbsime\/wp-content\/uploads\/2021\/10\/5-705x397.jpg 705w\" data-sizes=\"(max-width: 1000px) 100vw, 1000px\"  data-onclick='1' title='' ><span class='avia-gallery-big-inner'  itemprop=\"thumbnailUrl\" ><img decoding=\"async\" class=\"wp-image-598 avia-img-lazy-loading-not-598\"  width=\"495\" height=\"400\" src=\"https:\/\/ciepo.org\/nbsime\/wp-content\/uploads\/2021\/10\/5-495x400.jpg\" title='' alt='' \/><\/span><\/a><div class='avia-gallery-thumb'> <a href=\"https:\/\/ciepo.org\/nbsime\/wp-content\/uploads\/2021\/10\/5.jpg\" data-srcset=\"https:\/\/ciepo.org\/nbsime\/wp-content\/uploads\/2021\/10\/5.jpg 1000w, https:\/\/ciepo.org\/nbsime\/wp-content\/uploads\/2021\/10\/5-300x169.jpg 300w, https:\/\/ciepo.org\/nbsime\/wp-content\/uploads\/2021\/10\/5-768x432.jpg 768w, https:\/\/ciepo.org\/nbsime\/wp-content\/uploads\/2021\/10\/5-705x397.jpg 705w\" data-sizes=\"(max-width: 1000px) 100vw, 1000px\" data-rel='gallery-2' data-prev-img='https:\/\/ciepo.org\/nbsime\/wp-content\/uploads\/2021\/10\/5-495x400.jpg' class='first_thumb lightbox ' data-onclick='1' title=''  itemprop=\"thumbnailUrl\"  ><img decoding=\"async\" class=\"wp-image-598 avia-img-lazy-loading-not-598\"   src=\"https:\/\/ciepo.org\/nbsime\/wp-content\/uploads\/2021\/10\/5-495x400.jpg\" width=\"495\" height=\"400\"  title='' alt='' \/><\/a> <a href=\"https:\/\/ciepo.org\/nbsime\/wp-content\/uploads\/2021\/10\/2-1.jpg\" data-srcset=\"https:\/\/ciepo.org\/nbsime\/wp-content\/uploads\/2021\/10\/2-1.jpg 1000w, https:\/\/ciepo.org\/nbsime\/wp-content\/uploads\/2021\/10\/2-1-300x169.jpg 300w, https:\/\/ciepo.org\/nbsime\/wp-content\/uploads\/2021\/10\/2-1-768x432.jpg 768w, https:\/\/ciepo.org\/nbsime\/wp-content\/uploads\/2021\/10\/2-1-705x397.jpg 705w\" data-sizes=\"(max-width: 1000px) 100vw, 1000px\" data-rel='gallery-2' data-prev-img='https:\/\/ciepo.org\/nbsime\/wp-content\/uploads\/2021\/10\/2-1-495x400.jpg' class='lightbox ' data-onclick='2' title=''  itemprop=\"thumbnailUrl\"  ><img decoding=\"async\" class=\"wp-image-596 avia-img-lazy-loading-not-596\"   src=\"https:\/\/ciepo.org\/nbsime\/wp-content\/uploads\/2021\/10\/2-1-495x400.jpg\" width=\"495\" height=\"400\"  title='' alt='' \/><\/a> <a href=\"https:\/\/ciepo.org\/nbsime\/wp-content\/uploads\/2021\/10\/20170813_105201-1024x576-1.jpg\" data-srcset=\"https:\/\/ciepo.org\/nbsime\/wp-content\/uploads\/2021\/10\/20170813_105201-1024x576-1.jpg 1024w, https:\/\/ciepo.org\/nbsime\/wp-content\/uploads\/2021\/10\/20170813_105201-1024x576-1-300x169.jpg 300w, https:\/\/ciepo.org\/nbsime\/wp-content\/uploads\/2021\/10\/20170813_105201-1024x576-1-768x432.jpg 768w, https:\/\/ciepo.org\/nbsime\/wp-content\/uploads\/2021\/10\/20170813_105201-1024x576-1-705x397.jpg 705w\" data-sizes=\"(max-width: 1024px) 100vw, 1024px\" data-rel='gallery-2' data-prev-img='https:\/\/ciepo.org\/nbsime\/wp-content\/uploads\/2021\/10\/20170813_105201-1024x576-1-495x400.jpg' class='lightbox ' data-onclick='3' title=''  itemprop=\"thumbnailUrl\"  ><img decoding=\"async\" class=\"wp-image-599 avia-img-lazy-loading-not-599\"   src=\"https:\/\/ciepo.org\/nbsime\/wp-content\/uploads\/2021\/10\/20170813_105201-1024x576-1-495x400.jpg\" width=\"495\" height=\"400\"  title='' alt='' \/><\/a> <a href=\"https:\/\/ciepo.org\/nbsime\/wp-content\/uploads\/2021\/10\/3-1.jpg\" data-srcset=\"https:\/\/ciepo.org\/nbsime\/wp-content\/uploads\/2021\/10\/3-1.jpg 1000w, https:\/\/ciepo.org\/nbsime\/wp-content\/uploads\/2021\/10\/3-1-300x169.jpg 300w, https:\/\/ciepo.org\/nbsime\/wp-content\/uploads\/2021\/10\/3-1-768x432.jpg 768w, https:\/\/ciepo.org\/nbsime\/wp-content\/uploads\/2021\/10\/3-1-705x397.jpg 705w\" data-sizes=\"(max-width: 1000px) 100vw, 1000px\" data-rel='gallery-2' data-prev-img='https:\/\/ciepo.org\/nbsime\/wp-content\/uploads\/2021\/10\/3-1-495x400.jpg' class='lightbox ' data-onclick='4' title=''  itemprop=\"thumbnailUrl\"  ><img decoding=\"async\" class=\"wp-image-597 avia-img-lazy-loading-not-597\"   src=\"https:\/\/ciepo.org\/nbsime\/wp-content\/uploads\/2021\/10\/3-1-495x400.jpg\" width=\"495\" height=\"400\"  title='' alt='' \/><\/a><\/div><\/div><br \/>\n<section class=\"av_textblock_section \"  itemscope=\"itemscope\" itemtype=\"https:\/\/schema.org\/CreativeWork\" ><div class='avia_textblock  '   itemprop=\"text\" ><p>El Acto se llev\u00f3 a cabo en el d\u00eda de hoy, martes dia 10 de septiembre, en el Sal\u00f3n de Actos del Centro Juvenil Don Bosco, en el cual fueron reconocidos tres estudiantes meritorios y premiados con una Laptops de \u00faltima generaci\u00f3n cada uno, Pavel Aurelio Ferreras Cuevas, Daniela Patricia Soto San\u00f3n y Eriel de Jes\u00fas Ramirez M\u00e9ndez, todos con un indices de 92 puntos. y con Mochilas Equipadas un total de 100 estudiantes del 5to. Grado del Liceo Secundario Juan Ruperto Polanco, de La Descubierta.<\/p>\n<\/div><\/section><\/p><\/div><div class='flex_column av-av_one_half-d846867a37b468541bc8830743d44203 av_one_half  avia-builder-el-11  el_after_av_one_half  el_before_av_one_half  first flex_column_div column-top-margin'   ><p>\n<style type=\"text\/css\" data-created_by=\"avia_inline_auto\" id=\"style-css-av-av_heading-0f71320a49a9bd0fda44e258394787b1\">\n#top .av-special-heading.av-av_heading-0f71320a49a9bd0fda44e258394787b1{\npadding-bottom:10px;\n}\n<\/style>\n<div  class='av-special-heading av-av_heading-0f71320a49a9bd0fda44e258394787b1 av-special-heading-h3  avia-builder-el-12  el_before_av_gallery  avia-builder-el-first  '><h3 class='av-special-heading-tag '  itemprop=\"headline\"  >Reconocimiento Fundaci\u00f3n Corripio<\/h3><div class='special-heading-border'><div class='special-heading-inner-border'><\/div><\/div><\/div><br \/>\n\n<style type=\"text\/css\" data-created_by=\"avia_inline_auto\" id=\"style-css-av-kudnxb50-58a653c20742dbcffcf0e12be4aa147f\">\n#top .avia-gallery.av-kudnxb50-58a653c20742dbcffcf0e12be4aa147f .avia-gallery-thumb a{\nwidth:20%;\n}\n<\/style>\n<div  class='avia-gallery av-kudnxb50-58a653c20742dbcffcf0e12be4aa147f avia_animate_when_visible  avia-builder-el-13  el_after_av_heading  el_before_av_textblock  avia_lazyload avia-gallery-animate  avia-gallery-3'  itemprop=\"image\" itemscope=\"itemscope\" itemtype=\"https:\/\/schema.org\/ImageObject\" ><a class='avia-gallery-big fakeLightbox lightbox avia-gallery-big-crop-thumb ' href=\"https:\/\/ciepo.org\/nbsime\/wp-content\/uploads\/2021\/10\/Reconocimiento-Corripio3-1024x576-1.png\" data-srcset=\"https:\/\/ciepo.org\/nbsime\/wp-content\/uploads\/2021\/10\/Reconocimiento-Corripio3-1024x576-1.png 1024w, https:\/\/ciepo.org\/nbsime\/wp-content\/uploads\/2021\/10\/Reconocimiento-Corripio3-1024x576-1-300x169.png 300w, https:\/\/ciepo.org\/nbsime\/wp-content\/uploads\/2021\/10\/Reconocimiento-Corripio3-1024x576-1-768x432.png 768w, https:\/\/ciepo.org\/nbsime\/wp-content\/uploads\/2021\/10\/Reconocimiento-Corripio3-1024x576-1-705x397.png 705w\" data-sizes=\"(max-width: 1024px) 100vw, 1024px\"  data-onclick='1' title='' ><span class='avia-gallery-big-inner'  itemprop=\"thumbnailUrl\" ><img decoding=\"async\" class=\"wp-image-594 avia-img-lazy-loading-not-594\"  width=\"495\" height=\"400\" src=\"https:\/\/ciepo.org\/nbsime\/wp-content\/uploads\/2021\/10\/Reconocimiento-Corripio3-1024x576-1-495x400.png\" title='' alt='' \/><\/span><\/a><div class='avia-gallery-thumb'> <a href=\"https:\/\/ciepo.org\/nbsime\/wp-content\/uploads\/2021\/10\/Reconocimiento-Corripio3-1024x576-1.png\" data-srcset=\"https:\/\/ciepo.org\/nbsime\/wp-content\/uploads\/2021\/10\/Reconocimiento-Corripio3-1024x576-1.png 1024w, https:\/\/ciepo.org\/nbsime\/wp-content\/uploads\/2021\/10\/Reconocimiento-Corripio3-1024x576-1-300x169.png 300w, https:\/\/ciepo.org\/nbsime\/wp-content\/uploads\/2021\/10\/Reconocimiento-Corripio3-1024x576-1-768x432.png 768w, https:\/\/ciepo.org\/nbsime\/wp-content\/uploads\/2021\/10\/Reconocimiento-Corripio3-1024x576-1-705x397.png 705w\" data-sizes=\"(max-width: 1024px) 100vw, 1024px\" data-rel='gallery-3' data-prev-img='https:\/\/ciepo.org\/nbsime\/wp-content\/uploads\/2021\/10\/Reconocimiento-Corripio3-1024x576-1-495x400.png' class='first_thumb lightbox ' data-onclick='1' title=''  itemprop=\"thumbnailUrl\"  ><img decoding=\"async\" class=\"wp-image-594 avia-img-lazy-loading-not-594\"   src=\"https:\/\/ciepo.org\/nbsime\/wp-content\/uploads\/2021\/10\/Reconocimiento-Corripio3-1024x576-1-495x400.png\" width=\"495\" height=\"400\"  title='' alt='' \/><\/a> <a href=\"https:\/\/ciepo.org\/nbsime\/wp-content\/uploads\/2021\/10\/Reconocimiento-Corripio.png\" data-srcset=\"https:\/\/ciepo.org\/nbsime\/wp-content\/uploads\/2021\/10\/Reconocimiento-Corripio.png 1000w, https:\/\/ciepo.org\/nbsime\/wp-content\/uploads\/2021\/10\/Reconocimiento-Corripio-300x169.png 300w, https:\/\/ciepo.org\/nbsime\/wp-content\/uploads\/2021\/10\/Reconocimiento-Corripio-768x432.png 768w, https:\/\/ciepo.org\/nbsime\/wp-content\/uploads\/2021\/10\/Reconocimiento-Corripio-705x397.png 705w\" data-sizes=\"(max-width: 1000px) 100vw, 1000px\" data-rel='gallery-3' data-prev-img='https:\/\/ciepo.org\/nbsime\/wp-content\/uploads\/2021\/10\/Reconocimiento-Corripio-495x400.png' class='lightbox ' data-onclick='2' title=''  itemprop=\"thumbnailUrl\"  ><img decoding=\"async\" class=\"wp-image-593 avia-img-lazy-loading-not-593\"   src=\"https:\/\/ciepo.org\/nbsime\/wp-content\/uploads\/2021\/10\/Reconocimiento-Corripio-495x400.png\" width=\"495\" height=\"400\"  title='' alt='' \/><\/a><\/div><\/div><br \/>\n<section class=\"av_textblock_section \"  itemscope=\"itemscope\" itemtype=\"https:\/\/schema.org\/CreativeWork\" ><div class='avia_textblock  '   itemprop=\"text\" ><p>CIEPO recibe premio de 1 Millon de Pesos y reconocimiento de parte de la Fundaci\u00f3n Corripio por su labor.<\/p>\n<\/div><\/section><\/p><\/div><div class='flex_column av-av_one_half-337486787960716147ecfb4074cb91c6 av_one_half  avia-builder-el-15  el_after_av_one_half  avia-builder-el-last  flex_column_div column-top-margin'   ><p>\n<style type=\"text\/css\" data-created_by=\"avia_inline_auto\" id=\"style-css-av-kudo081m-40bd713c940b5584b41ee478fdb0f3db\">\n#top .av-special-heading.av-kudo081m-40bd713c940b5584b41ee478fdb0f3db{\npadding-bottom:10px;\n}\n<\/style>\n<div  class='av-special-heading av-kudo081m-40bd713c940b5584b41ee478fdb0f3db av-special-heading-h3  avia-builder-el-16  el_before_av_gallery  avia-builder-el-first  '><h3 class='av-special-heading-tag '  itemprop=\"headline\"  >Entregan premios <span class='special_amp'>\u201c<\/span>Brugal Cree en su Gente 2015<span class='special_amp'>\u201d<\/span><\/h3><div class='special-heading-border'><div class='special-heading-inner-border'><\/div><\/div><\/div><br \/>\n\n<style type=\"text\/css\" data-created_by=\"avia_inline_auto\" id=\"style-css-av-kudo1oa9-b53ef84ed210d6529bfcf4919895dce5\">\n#top .avia-gallery.av-kudo1oa9-b53ef84ed210d6529bfcf4919895dce5 .avia-gallery-thumb a{\nwidth:20%;\n}\n<\/style>\n<div  class='avia-gallery av-kudo1oa9-b53ef84ed210d6529bfcf4919895dce5 avia_animate_when_visible  avia-builder-el-17  el_after_av_heading  el_before_av_textblock  avia_lazyload avia-gallery-animate  avia-gallery-4'  itemprop=\"image\" itemscope=\"itemscope\" itemtype=\"https:\/\/schema.org\/ImageObject\" ><a class='avia-gallery-big fakeLightbox lightbox avia-gallery-big-crop-thumb ' href=\"https:\/\/ciepo.org\/nbsime\/wp-content\/uploads\/2021\/09\/ciepo-la-ong-de-la-descubierta.jpeg\" data-srcset=\"https:\/\/ciepo.org\/nbsime\/wp-content\/uploads\/2021\/09\/ciepo-la-ong-de-la-descubierta.jpeg 680w, https:\/\/ciepo.org\/nbsime\/wp-content\/uploads\/2021\/09\/ciepo-la-ong-de-la-descubierta-300x200.jpeg 300w\" data-sizes=\"(max-width: 680px) 100vw, 680px\"  data-onclick='1' title='' ><span class='avia-gallery-big-inner'  itemprop=\"thumbnailUrl\" ><img decoding=\"async\" class=\"wp-image-316 avia-img-lazy-loading-not-316\"  width=\"495\" height=\"400\" src=\"https:\/\/ciepo.org\/nbsime\/wp-content\/uploads\/2021\/09\/ciepo-la-ong-de-la-descubierta-495x400.jpeg\" title='' alt='' \/><\/span><\/a><div class='avia-gallery-thumb'> <a href=\"https:\/\/ciepo.org\/nbsime\/wp-content\/uploads\/2021\/09\/ciepo-la-ong-de-la-descubierta.jpeg\" data-srcset=\"https:\/\/ciepo.org\/nbsime\/wp-content\/uploads\/2021\/09\/ciepo-la-ong-de-la-descubierta.jpeg 680w, https:\/\/ciepo.org\/nbsime\/wp-content\/uploads\/2021\/09\/ciepo-la-ong-de-la-descubierta-300x200.jpeg 300w\" data-sizes=\"(max-width: 680px) 100vw, 680px\" data-rel='gallery-4' data-prev-img='https:\/\/ciepo.org\/nbsime\/wp-content\/uploads\/2021\/09\/ciepo-la-ong-de-la-descubierta-495x400.jpeg' class='first_thumb lightbox ' data-onclick='1' title=''  itemprop=\"thumbnailUrl\"  ><img decoding=\"async\" class=\"wp-image-316 avia-img-lazy-loading-not-316\"   src=\"https:\/\/ciepo.org\/nbsime\/wp-content\/uploads\/2021\/09\/ciepo-la-ong-de-la-descubierta-495x400.jpeg\" width=\"495\" height=\"400\"  title='' alt='' \/><\/a><\/div><\/div><br \/>\n<section class=\"av_textblock_section \"  itemscope=\"itemscope\" itemtype=\"https:\/\/schema.org\/CreativeWork\" ><div class='avia_textblock  '   itemprop=\"text\" ><p>La Fundaci\u00f3n Brugal entreg\u00f3 anoche los premios Brugal Cree en su gente, en una ceremonia especial en la que fue compartido el Gran Premio George Arzeno Brugal entre La Asociaci\u00f3n La 37 por las tablas, de Santiago, y la Fundaci\u00f3n Casa de la Cultura, del municipio Consuelo, San Pedro de Macor\u00eds.<\/p>\n<\/div><\/section><\/p><\/div><\/p>\n","protected":false},"excerpt":{"rendered":"","protected":false},"author":1,"featured_media":0,"parent":0,"menu_order":0,"comment_status":"closed","ping_status":"closed","template":"","meta":{"footnotes":""},"class_list":["post-583","page","type-page","status-publish","hentry"],"_links":{"self":[{"href":"https:\/\/ciepo.org\/nbsime\/wp-json\/wp\/v2\/pages\/583","targetHints":{"allow":["GET"]}}],"collection":[{"href":"https:\/\/ciepo.org\/nbsime\/wp-json\/wp\/v2\/pages"}],"about":[{"href":"https:\/\/ciepo.org\/nbsime\/wp-json\/wp\/v2\/types\/page"}],"author":[{"embeddable":true,"href":"https:\/\/ciepo.org\/nbsime\/wp-json\/wp\/v2\/users\/1"}],"replies":[{"embeddable":true,"href":"https:\/\/ciepo.org\/nbsime\/wp-json\/wp\/v2\/comments?post=583"}],"version-history":[{"count":8,"href":"https:\/\/ciepo.org\/nbsime\/wp-json\/wp\/v2\/pages\/583\/revisions"}],"predecessor-version":[{"id":601,"href":"https:\/\/ciepo.org\/nbsime\/wp-json\/wp\/v2\/pages\/583\/revisions\/601"}],"wp:attachment":[{"href":"https:\/\/ciepo.org\/nbsime\/wp-json\/wp\/v2\/media?parent=583"}],"curies":[{"name":"wp","href":"https:\/\/api.w.org\/{rel}","templated":true}]}}